{"id":15586,"date":"2022-02-23T09:50:21","date_gmt":"2022-02-23T08:50:21","guid":{"rendered":"https:\/\/www.skargaarden.com\/vinterforvaring-av-mobler\/"},"modified":"2022-03-11T10:30:05","modified_gmt":"2022-03-11T09:30:05","slug":"vinterforvaring-av-mobler","status":"publish","type":"page","link":"https:\/\/www.skargaarden.com\/sv\/vinterforvaring-av-mobler\/","title":{"rendered":"Vinterf\u00f6rvaring av m\u00f6bler"},"content":{"rendered":"<p>VINTERF\u00d6RVARING AV TEAKM\u00d6BLER<\/p>\n<p>Vad \u00e4r det b\u00e4sta s\u00e4ttet att skydda dina teakm\u00f6bler under vintern? Vi rekommenderar att du f\u00f6rvarar dina teakm\u00f6bler under ventilerande \u00f6verdrag eller i ett ouppv\u00e4rmt f\u00f6rr\u00e5d. S\u00e4rskilt om du vill att dina teakm\u00f6bler ska \u00e5ldras snyggt.<\/p>\n<p>Teakm\u00f6bler h\u00e5ller i \u00e5rhundraden. Det beror p\u00e5 att teakoljan, som finns i varje cell i tr\u00e4et, \u00e4r ett naturligt konserveringsmedel som ger teakm\u00f6blerna ett fantastiskt motst\u00e5nd mot r\u00f6ta. Att h\u00e5lla l\u00e4nge \u00e4r dock inte samma sak som att \u00e5ldras v\u00e4l! H\u00e5rda vinterf\u00f6rh\u00e5llanden p\u00e5verka teak negativt. Ta hand om dina teakm\u00f6bler om du vill att de ska klara vintern oskadda. L\u00e5t oss titta p\u00e5 vad som kan h\u00e4nda med teakm\u00f6bler under vintern och vad du kan g\u00f6ra f\u00f6r att skydda dem.<\/p>\n<p>Den st\u00f6rsta faran \u00e4r sprickbildning. H\u00e4r \u00e4r det temperaturv\u00e4xlingar som \u00e4r boven i dramat. Det g\u00e4ller under hela \u00e5ret, men p\u00e5 vintern intr\u00e4ffar m\u00e5nga temperaturv\u00e4xlingar precis runt vattnets fryspunkt. N\u00e4r temperaturen ligger \u00f6ver fryspunkten hittar sm\u00e5 m\u00e4ngder fukt in in i alla befintliga sprickor i tr\u00e4et, \u00e4ven i de h\u00e5rfina sprickorna som du inte ens kan se. N\u00e4r lufttemperaturen sjunker under fryspunkten fryser \u00e4ven denna fukt i dessa sm\u00e5 sprickor. Och n\u00e4r vatten fryser n\u00e5gonstans p\u00e5 jorden s\u00e5 expanderar det. Denna expansion \u00e4r kraftfull och praktiskt taget om\u00f6jlig att stoppa. S\u00e5 det \u00e4r inte konstigt att nedfrysning av n\u00e5gra f\u00e5 droppar vatten vidgar sprickorna i dina teakm\u00f6bler. Denna cykel av nedfrysning och upptining upprepar sig dussintals g\u00e5nger under en typisk vinters\u00e4song, eftersom temperaturen har enorma variationer. S\u00e5dan upprepad stress kan f\u00f6rvandla en obem\u00e4rkt spricka till ett fult \u00e4rr p\u00e5 en enda vinter!<\/p>\n<p>F\u00d6RVARING AV TEAKM\u00d6BLER I HUSET<\/p>\n<p>Du kanske tror att det b\u00e4sta s\u00e4ttet att skydda dina teakm\u00f6bler \u00e4r att ta in dem. Men det finns ett par problem med den h\u00e4r metoden. \u00c4ven h\u00e4r kan temperaturf\u00f6r\u00e4ndringar vara ett problem, s\u00e4rskilt om du tar in m\u00f6blerna till ett uppv\u00e4rmt rum. De flesta inomhusutrymmen \u00e4r mindre fuktiga \u00e4n utomhus. Den extra v\u00e4rmen vill att tr\u00e4et ska expandera. Den torrare luften vill att tr\u00e4et ska dra ihop sig. Resultatet blir sprickor!<\/p>\n<p>En b\u00e4ttre metod \u00e4r att st\u00e4lla m\u00f6blerna i ett ouppv\u00e4rmt rum, p\u00e5 en skyddad veranda eller i ett garage. M\u00f6blerna f\u00e5r allt skydd &#8211; utan chocken av den stora f\u00f6r\u00e4ndringen mellan v\u00e4rme och fuktighet n\u00e4r de g\u00e5r fr\u00e5n att st\u00e5 utomhus till ett uppv\u00e4rmt rum inomhus.<\/p>\n<p>VINTERF\u00d6RVARING AV M\u00d6BLER AV ALUMINIUM OCH ROSTFRITT ST\u00c5L<\/p>\n<p>Vad \u00e4r det b\u00e4sta s\u00e4ttet att skydda dina m\u00f6bler i aluminium och rostfritt st\u00e5l under vintern? Vi rekommenderar att du f\u00f6rvarar dina m\u00f6bler under ventilerande \u00f6verdrag eller i ett f\u00f6rvaringsutrymme. Det viktiga \u00e4r att undvika att vatten i ramarna (r\u00f6ren) av aluminium och rostfritt st\u00e5l fryser fast och f\u00f6rsvagar ramarna.<\/p>\n<p>M\u00f6bler i aluminium och rostfritt st\u00e5l h\u00e5ller l\u00e4nge om du tar hand om dem p\u00e5 r\u00e4tt s\u00e4tt. Att h\u00e5lla l\u00e4nge \u00e4r dock inte samma sak som att \u00e5ldras v\u00e4l! B\u00e5de aluminium och rostfritt st\u00e5l \u00e4r n\u00e4stan rostfria, s\u00e5 regn i sig kommer inte att orsaka alltf\u00f6r m\u00e5nga problem. De flesta m\u00f6belramar i aluminium och rostfritt st\u00e5l inneh\u00e5ller h\u00e5l f\u00f6r att hj\u00e4lpa till att dr\u00e4nera vatten, men dessa sl\u00e4pper ocks\u00e5 in vatten. N\u00e4r vintertemperaturerna fluktuerar \u00f6ver och under fryspunkten kommer vattnet att frysa och sm\u00e4lta, vilket kan f\u00f6rsvaga ramarna. Se till att dina m\u00f6bler i aluminium och rostfritt st\u00e5l \u00e4r helt torra innan de st\u00e4lls undan f\u00f6r att undvika detta. Innan du vinterf\u00f6rvarar m\u00f6blerna skrubbar du dem med n\u00e5gra droppar av ett milt tv\u00e4ttmedel och varmt vatten. Efter torkning kan du leta efter eventuella repor och vid behov r\u00e4tta till dem med f\u00e4rg.<\/p>\n<p>Du kan ocks\u00e5 f\u00f6rvara aluminium och rostfritt st\u00e5l p\u00e5 en skyddad veranda eller i ett garage. Om du har utrymme \u00e4r det en bra l\u00f6sning. Testa!<\/p>\n<p>VINTERLAGRING AV UTOMHUSKUDDAR<\/p>\n<p>Vad \u00e4r det b\u00e4sta s\u00e4ttet att skydda dina utomhuskuddar? Vi rekommenderar att du f\u00f6rvarar dem inomhus eller i ett f\u00f6rr\u00e5d under vintern.<\/p>\n<p>Alla v\u00e5ra utomhustyger \u00e4r utformade f\u00f6r att vara v\u00e4derbest\u00e4ndiga och \u00e4r mycket starkare \u00e4n de som \u00e4r avsedda f\u00f6r inomhusbruk. Regn, sn\u00f6 och is kan dock fortfarande skada dem om du inte \u00e4r f\u00f6rsiktig. Utomhustyger kommer att h\u00e5lla l\u00e4nge. Genom att ta hand om dem f\u00f6rl\u00e4nger du livsl\u00e4ngden avsev\u00e4rt.<\/p>\n<p>RENG\u00d6R KUDDARNA F\u00d6RE VINTERF\u00d6RVARING<\/p>\n<p>Reng\u00f6r utomhusdukar, kuddar, dynor och paraplyer innan du f\u00f6rvarar dem s\u00e5 att de \u00e4r redo att anv\u00e4ndas kommande v\u00e5r. F\u00f6r att reng\u00f6ra dina utomhuskuddar flyttar du dem till ett skuggigt omr\u00e5de och borstar bort l\u00f6s smuts. Blanda ett milt reng\u00f6ringsmedel med ljummet vatten. Anv\u00e4nd en mjuk borste eller trasa f\u00f6r att f\u00e5 bort tuffa fl\u00e4ckar. L\u00e5t l\u00f6sningen sitta i 15 minuter innan du sk\u00f6ljer med en slang. L\u00e5t dem lufttorka i solen och l\u00e4gg inte undan dem f\u00f6rr\u00e4n de \u00e4r helt torra.<\/p>\n<p>M\u00d6BEL\u00d6VERDRAG<\/p>\n<p>Ett \u00f6verdrag som andas \u00e4r ett utm\u00e4rkt s\u00e4tt att skydda alla dina utem\u00f6bler under vintern. Det finns en sak som du m\u00e5ste vara uppm\u00e4rksam p\u00e5 n\u00e4r du skyddar dina m\u00f6bler med ett \u00f6verdrag. Det m\u00e5ste &#8220;andas&#8221;. Ja, du m\u00e5ste se till att det \u00e4r vattent\u00e4tt. Men inte till 100 %. Det \u00e4r inga problem att hitta s\u00e5dana \u00f6verdrag. Alla \u00f6verdrag fr\u00e5n Skargaarden andas, f\u00f6r att f\u00f6rhindra att m\u00f6gel och mj\u00f6ldagg f\u00e5r f\u00e4ste. Du kan best\u00e4lla \u00f6verdragstyg fr\u00e5n oss.<\/p>\n<p>Du kan naturligtvis \u00e4ven sy dina egna m\u00f6bel\u00f6verdrag. Kom bara ih\u00e5g att anv\u00e4nda ett tyg som andas och anv\u00e4nda tr\u00e5d som \u00e4r avsedd f\u00f6r utomhusbruk. Om du letar efter en billigare l\u00f6sning beh\u00f6ver du inte ens sy \u00f6verdragen, utan kan bara t\u00e4cka m\u00f6blerna med \u00f6verdragstyg. Vi anser inte att det \u00e4r det b\u00e4sta s\u00e4ttet att g\u00f6ra det p\u00e5, men det \u00e4r b\u00e4ttre \u00e4n att inte t\u00e4cka \u00f6ver m\u00f6blerna \u00f6verhuvudtaget. Kom ih\u00e5g att l\u00e4mna en liten lucka mellan marken och tyget f\u00f6r att ventilera f\u00f6r att undvika fukt under \u00f6verdraget.<\/p>\n<p>OBS! Det finns en risk f\u00f6r att skadedjur kan skada dina kuddar som \u00e4r t\u00e4ckta av m\u00f6bel\u00f6verdrag. P\u00e5 grund av detta rekommenderar vi att du f\u00f6rvarar utomhuskuddarna utom r\u00e4ckh\u00e5ll f\u00f6r skadedjur. Lycka till och h\u00f6r av dig om vi kan hj\u00e4lpa dig med r\u00e4tt \u00f6verdrag f\u00f6r f\u00f6rvaringen!<\/p>\n","protected":false},"excerpt":{"rendered":"<p>VINTERF\u00d6RVARING AV TEAKM\u00d6BLER Vad \u00e4r det b\u00e4sta s\u00e4ttet att skydda dina teakm\u00f6bler under vintern? Vi rekommenderar att du f\u00f6rvarar dina teakm\u00f6bler under ventilerande \u00f6verdrag eller i ett ouppv\u00e4rmt f\u00f6rr\u00e5d. S\u00e4rskilt om du vill att dina teakm\u00f6bler ska \u00e5ldras snyggt. Teakm\u00f6bler h\u00e5ller i \u00e5rhundraden. Det beror p\u00e5 att teakoljan, som finns i varje cell i tr\u00e4et, [&hellip;]<\/p>\n","protected":false},"author":1,"featured_media":13089,"parent":0,"menu_order":0,"comment_status":"closed","ping_status":"closed","template":"","meta":{"_acf_changed":false,"footnotes":""},"acf":[],"yoast_head":"<!-- This site is optimized with the Yoast SEO plugin v22.2 - https:\/\/yoast.com\/wordpress\/plugins\/seo\/ -->\n<title>Vinterf\u00f6rvaring av m\u00f6bler - SKARGAARDEN<\/title>\n<meta name=\"robots\" content=\"index, follow, max-snippet:-1, max-image-preview:large, max-video-preview:-1\" \/>\n<link rel=\"canonical\" href=\"https:\/\/www.skargaarden.com\/sv\/vinterforvaring-av-mobler\/\" \/>\n<meta property=\"og:locale\" content=\"sv_SE\" \/>\n<meta property=\"og:type\" content=\"article\" \/>\n<meta property=\"og:title\" content=\"Vinterf\u00f6rvaring av m\u00f6bler - SKARGAARDEN\" \/>\n<meta property=\"og:description\" content=\"VINTERF\u00d6RVARING AV TEAKM\u00d6BLER Vad \u00e4r det b\u00e4sta s\u00e4ttet att skydda dina teakm\u00f6bler under vintern? Vi rekommenderar att du f\u00f6rvarar dina teakm\u00f6bler under ventilerande \u00f6verdrag eller i ett ouppv\u00e4rmt f\u00f6rr\u00e5d. S\u00e4rskilt om du vill att dina teakm\u00f6bler ska \u00e5ldras snyggt. Teakm\u00f6bler h\u00e5ller i \u00e5rhundraden. Det beror p\u00e5 att teakoljan, som finns i varje cell i tr\u00e4et, [&hellip;]\" \/>\n<meta property=\"og:url\" content=\"https:\/\/www.skargaarden.com\/sv\/vinterforvaring-av-mobler\/\" \/>\n<meta property=\"og:site_name\" content=\"SKARGAARDEN\" \/>\n<meta property=\"article:publisher\" content=\"https:\/\/www.facebook.com\/skargaarden\" \/>\n<meta property=\"article:modified_time\" content=\"2022-03-11T09:30:05+00:00\" \/>\n<meta property=\"og:image\" content=\"https:\/\/www.skargaarden.com\/wp-content\/uploads\/2021\/10\/6099a8421f52d.jpeg\" \/>\n\t<meta property=\"og:image:width\" content=\"1575\" \/>\n\t<meta property=\"og:image:height\" content=\"995\" \/>\n\t<meta property=\"og:image:type\" content=\"image\/jpeg\" \/>\n<meta name=\"twitter:card\" content=\"summary_large_image\" \/>\n<meta name=\"twitter:label1\" content=\"Ber\u00e4knad l\u00e4stid\" \/>\n\t<meta name=\"twitter:data1\" content=\"5 minuter\" \/>\n<script type=\"application\/ld+json\" class=\"yoast-schema-graph\">{\"@context\":\"https:\/\/schema.org\",\"@graph\":[{\"@type\":\"WebPage\",\"@id\":\"https:\/\/www.skargaarden.com\/sv\/vinterforvaring-av-mobler\/\",\"url\":\"https:\/\/www.skargaarden.com\/sv\/vinterforvaring-av-mobler\/\",\"name\":\"Vinterf\u00f6rvaring av m\u00f6bler - SKARGAARDEN\",\"isPartOf\":{\"@id\":\"https:\/\/www.skargaarden.com\/sv\/#website\"},\"primaryImageOfPage\":{\"@id\":\"https:\/\/www.skargaarden.com\/sv\/vinterforvaring-av-mobler\/#primaryimage\"},\"image\":{\"@id\":\"https:\/\/www.skargaarden.com\/sv\/vinterforvaring-av-mobler\/#primaryimage\"},\"thumbnailUrl\":\"https:\/\/www.skargaarden.com\/wp-content\/uploads\/2021\/10\/6099a8421f52d.jpeg\",\"datePublished\":\"2022-02-23T08:50:21+00:00\",\"dateModified\":\"2022-03-11T09:30:05+00:00\",\"breadcrumb\":{\"@id\":\"https:\/\/www.skargaarden.com\/sv\/vinterforvaring-av-mobler\/#breadcrumb\"},\"inLanguage\":\"sv-SE\",\"potentialAction\":[{\"@type\":\"ReadAction\",\"target\":[\"https:\/\/www.skargaarden.com\/sv\/vinterforvaring-av-mobler\/\"]}]},{\"@type\":\"ImageObject\",\"inLanguage\":\"sv-SE\",\"@id\":\"https:\/\/www.skargaarden.com\/sv\/vinterforvaring-av-mobler\/#primaryimage\",\"url\":\"https:\/\/www.skargaarden.com\/wp-content\/uploads\/2021\/10\/6099a8421f52d.jpeg\",\"contentUrl\":\"https:\/\/www.skargaarden.com\/wp-content\/uploads\/2021\/10\/6099a8421f52d.jpeg\",\"width\":1575,\"height\":995},{\"@type\":\"BreadcrumbList\",\"@id\":\"https:\/\/www.skargaarden.com\/sv\/vinterforvaring-av-mobler\/#breadcrumb\",\"itemListElement\":[{\"@type\":\"ListItem\",\"position\":1,\"name\":\"Home\",\"item\":\"https:\/\/www.skargaarden.com\/sv\/\"},{\"@type\":\"ListItem\",\"position\":2,\"name\":\"Vinterf\u00f6rvaring av m\u00f6bler\"}]},{\"@type\":\"WebSite\",\"@id\":\"https:\/\/www.skargaarden.com\/sv\/#website\",\"url\":\"https:\/\/www.skargaarden.com\/sv\/\",\"name\":\"SKARGAARDEN\",\"description\":\"Scandinavian Outdoor Design\",\"publisher\":{\"@id\":\"https:\/\/www.skargaarden.com\/sv\/#organization\"},\"potentialAction\":[{\"@type\":\"SearchAction\",\"target\":{\"@type\":\"EntryPoint\",\"urlTemplate\":\"https:\/\/www.skargaarden.com\/sv\/?s={search_term_string}\"},\"query-input\":\"required name=search_term_string\"}],\"inLanguage\":\"sv-SE\"},{\"@type\":\"Organization\",\"@id\":\"https:\/\/www.skargaarden.com\/sv\/#organization\",\"name\":\"SKARGAARDEN\",\"url\":\"https:\/\/www.skargaarden.com\/sv\/\",\"logo\":{\"@type\":\"ImageObject\",\"inLanguage\":\"sv-SE\",\"@id\":\"https:\/\/www.skargaarden.com\/sv\/#\/schema\/logo\/image\/\",\"url\":\"https:\/\/www.skargaarden.com\/wp-content\/uploads\/2024\/03\/skargaardenlogo-1.png\",\"contentUrl\":\"https:\/\/www.skargaarden.com\/wp-content\/uploads\/2024\/03\/skargaardenlogo-1.png\",\"width\":999,\"height\":141,\"caption\":\"SKARGAARDEN\"},\"image\":{\"@id\":\"https:\/\/www.skargaarden.com\/sv\/#\/schema\/logo\/image\/\"},\"sameAs\":[\"https:\/\/www.facebook.com\/skargaarden\",\"https:\/\/www.instagram.com\/skargaarden\/\",\"https:\/\/www.pinterest.se\/skargaarden\/\"]}]}<\/script>\n<!-- \/ Yoast SEO plugin. -->","yoast_head_json":{"title":"Vinterf\u00f6rvaring av m\u00f6bler - SKARGAARDEN","robots":{"index":"index","follow":"follow","max-snippet":"max-snippet:-1","max-image-preview":"max-image-preview:large","max-video-preview":"max-video-preview:-1"},"canonical":"https:\/\/www.skargaarden.com\/sv\/vinterforvaring-av-mobler\/","og_locale":"sv_SE","og_type":"article","og_title":"Vinterf\u00f6rvaring av m\u00f6bler - SKARGAARDEN","og_description":"VINTERF\u00d6RVARING AV TEAKM\u00d6BLER Vad \u00e4r det b\u00e4sta s\u00e4ttet att skydda dina teakm\u00f6bler under vintern? Vi rekommenderar att du f\u00f6rvarar dina teakm\u00f6bler under ventilerande \u00f6verdrag eller i ett ouppv\u00e4rmt f\u00f6rr\u00e5d. S\u00e4rskilt om du vill att dina teakm\u00f6bler ska \u00e5ldras snyggt. Teakm\u00f6bler h\u00e5ller i \u00e5rhundraden. Det beror p\u00e5 att teakoljan, som finns i varje cell i tr\u00e4et, [&hellip;]","og_url":"https:\/\/www.skargaarden.com\/sv\/vinterforvaring-av-mobler\/","og_site_name":"SKARGAARDEN","article_publisher":"https:\/\/www.facebook.com\/skargaarden","article_modified_time":"2022-03-11T09:30:05+00:00","og_image":[{"width":1575,"height":995,"url":"https:\/\/www.skargaarden.com\/wp-content\/uploads\/2021\/10\/6099a8421f52d.jpeg","type":"image\/jpeg"}],"twitter_card":"summary_large_image","twitter_misc":{"Ber\u00e4knad l\u00e4stid":"5 minuter"},"schema":{"@context":"https:\/\/schema.org","@graph":[{"@type":"WebPage","@id":"https:\/\/www.skargaarden.com\/sv\/vinterforvaring-av-mobler\/","url":"https:\/\/www.skargaarden.com\/sv\/vinterforvaring-av-mobler\/","name":"Vinterf\u00f6rvaring av m\u00f6bler - SKARGAARDEN","isPartOf":{"@id":"https:\/\/www.skargaarden.com\/sv\/#website"},"primaryImageOfPage":{"@id":"https:\/\/www.skargaarden.com\/sv\/vinterforvaring-av-mobler\/#primaryimage"},"image":{"@id":"https:\/\/www.skargaarden.com\/sv\/vinterforvaring-av-mobler\/#primaryimage"},"thumbnailUrl":"https:\/\/www.skargaarden.com\/wp-content\/uploads\/2021\/10\/6099a8421f52d.jpeg","datePublished":"2022-02-23T08:50:21+00:00","dateModified":"2022-03-11T09:30:05+00:00","breadcrumb":{"@id":"https:\/\/www.skargaarden.com\/sv\/vinterforvaring-av-mobler\/#breadcrumb"},"inLanguage":"sv-SE","potentialAction":[{"@type":"ReadAction","target":["https:\/\/www.skargaarden.com\/sv\/vinterforvaring-av-mobler\/"]}]},{"@type":"ImageObject","inLanguage":"sv-SE","@id":"https:\/\/www.skargaarden.com\/sv\/vinterforvaring-av-mobler\/#primaryimage","url":"https:\/\/www.skargaarden.com\/wp-content\/uploads\/2021\/10\/6099a8421f52d.jpeg","contentUrl":"https:\/\/www.skargaarden.com\/wp-content\/uploads\/2021\/10\/6099a8421f52d.jpeg","width":1575,"height":995},{"@type":"BreadcrumbList","@id":"https:\/\/www.skargaarden.com\/sv\/vinterforvaring-av-mobler\/#breadcrumb","itemListElement":[{"@type":"ListItem","position":1,"name":"Home","item":"https:\/\/www.skargaarden.com\/sv\/"},{"@type":"ListItem","position":2,"name":"Vinterf\u00f6rvaring av m\u00f6bler"}]},{"@type":"WebSite","@id":"https:\/\/www.skargaarden.com\/sv\/#website","url":"https:\/\/www.skargaarden.com\/sv\/","name":"SKARGAARDEN","description":"Scandinavian Outdoor Design","publisher":{"@id":"https:\/\/www.skargaarden.com\/sv\/#organization"},"potentialAction":[{"@type":"SearchAction","target":{"@type":"EntryPoint","urlTemplate":"https:\/\/www.skargaarden.com\/sv\/?s={search_term_string}"},"query-input":"required name=search_term_string"}],"inLanguage":"sv-SE"},{"@type":"Organization","@id":"https:\/\/www.skargaarden.com\/sv\/#organization","name":"SKARGAARDEN","url":"https:\/\/www.skargaarden.com\/sv\/","logo":{"@type":"ImageObject","inLanguage":"sv-SE","@id":"https:\/\/www.skargaarden.com\/sv\/#\/schema\/logo\/image\/","url":"https:\/\/www.skargaarden.com\/wp-content\/uploads\/2024\/03\/skargaardenlogo-1.png","contentUrl":"https:\/\/www.skargaarden.com\/wp-content\/uploads\/2024\/03\/skargaardenlogo-1.png","width":999,"height":141,"caption":"SKARGAARDEN"},"image":{"@id":"https:\/\/www.skargaarden.com\/sv\/#\/schema\/logo\/image\/"},"sameAs":["https:\/\/www.facebook.com\/skargaarden","https:\/\/www.instagram.com\/skargaarden\/","https:\/\/www.pinterest.se\/skargaarden\/"]}]}},"_links":{"self":[{"href":"https:\/\/www.skargaarden.com\/sv\/wp-json\/wp\/v2\/pages\/15586"}],"collection":[{"href":"https:\/\/www.skargaarden.com\/sv\/wp-json\/wp\/v2\/pages"}],"about":[{"href":"https:\/\/www.skargaarden.com\/sv\/wp-json\/wp\/v2\/types\/page"}],"author":[{"embeddable":true,"href":"https:\/\/www.skargaarden.com\/sv\/wp-json\/wp\/v2\/users\/1"}],"replies":[{"embeddable":true,"href":"https:\/\/www.skargaarden.com\/sv\/wp-json\/wp\/v2\/comments?post=15586"}],"version-history":[{"count":2,"href":"https:\/\/www.skargaarden.com\/sv\/wp-json\/wp\/v2\/pages\/15586\/revisions"}],"predecessor-version":[{"id":15695,"href":"https:\/\/www.skargaarden.com\/sv\/wp-json\/wp\/v2\/pages\/15586\/revisions\/15695"}],"wp:featuredmedia":[{"embeddable":true,"href":"https:\/\/www.skargaarden.com\/sv\/wp-json\/wp\/v2\/media\/13089"}],"wp:attachment":[{"href":"https:\/\/www.skargaarden.com\/sv\/wp-json\/wp\/v2\/media?parent=15586"}],"curies":[{"name":"wp","href":"https:\/\/api.w.org\/{rel}","templated":true}]}}