{"id":15105,"date":"2020-09-08T13:32:16","date_gmt":"2020-09-08T11:32:16","guid":{"rendered":"https:\/\/www.skargaarden.com\/om-oss\/"},"modified":"2025-03-14T14:35:57","modified_gmt":"2025-03-14T13:35:57","slug":"om-oss","status":"publish","type":"page","link":"https:\/\/www.skargaarden.com\/sv\/om-oss\/","title":{"rendered":"Om oss"},"content":{"rendered":"<h3 style=\"text-align: center;\"><em>En passion f\u00f6r inspirerande utemilj\u00f6er<\/em><\/h3>\n<p><em>Skargaarden grundades 2008 i en svensk kustn\u00e4ra milj\u00f6, med en passion f\u00f6r designm\u00f6bler och en stark drivkraft att skapa intressanta och inspirerande utemilj\u00f6er. Det dramatiska landskapet och de tuffa klimatf\u00f6rh\u00e5llandena blev inspirationen f\u00f6r att producera utem\u00f6bler av h\u00f6gsta kvalitet. H\u00e4r, d\u00e4r m\u00f6rka vinterdagar och korta somrar har pr\u00e4glat livet i hundratals \u00e5r, f\u00f6ddes Skargaarden, som tillverkar m\u00f6bler byggda f\u00f6r att st\u00e5 emot det nordiska klimatet och samtidigt f\u00e5nga essensen av skandinavisk design.<\/em><\/p>\n<p><em>Designen pr\u00e4glas av en tidl\u00f6s enkelhet, d\u00e4r varje detalj \u00e4r noggrant genomt\u00e4nkt f\u00f6r att skapa en perfekt balans mellan estetik och funktionalitet. F\u00f6r att s\u00e4kerst\u00e4lla l\u00e5ng livsl\u00e4ngd och h\u00e5llbarhet anv\u00e4nder Skargaarden endast noggrant utvalda material, s\u00e5som FSC-certifierat teak.\u00a0<\/em><\/p>\n<p><em>Skargaarden samarbetar med n\u00e5gra av Nordens mest framst\u00e5ende formgivare f\u00f6r att skapa kollektioner som f\u00f6rh\u00f6jer alla typer av utomhusmilj\u00f6er \u2013 fr\u00e5n privata terrasser och sommarhus till exklusiva hotelldestinationer och strandn\u00e4ra resorts v\u00e4rlden \u00f6ver.<\/em><\/p>\n<p><em>Varje m\u00f6bel skapar en plats f\u00f6r sk\u00f6nhet, komfort och klassisk design. Genom att kombinera v\u00e4l utvalda material med en designfilosofi som hyllar enkelhet och funktionalitet, str\u00e4var Skargaarden efter att g\u00f6ra utomhuslivet b\u00e5de vackrare och mer best\u00e5ende.<\/em><\/p>\n<h3 style=\"text-align: center;\">Minimalism med sj\u00e4l och hj\u00e4rta<\/h3>\n<p>Vi vill g\u00e4rna se oss sj\u00e4lva som en del av en tradition som \u00e4r genuint skandinavisk. \u00c5 andra sidan inspireras vi av allt fr\u00e5n amerikansk shaker-stil till Bauhaus. Vi tror att \u201dless\u201d verkligen \u00e4r \u201dmore\u201d. Du ska omedelbart kunna f\u00f6rst\u00e5 id\u00e9n bakom en m\u00f6bel, det ska inte vara en intellektuell process.<span class=\"Apple-converted-space\">\u00a0<\/span>Men enkelhet \u00e4r inte allt. Det kan inte vara allt, f\u00f6r d\u00e5 blir man pretenti\u00f6s eller tr\u00e5kig och sannolikt b\u00e5da. N\u00e5got m\u00e5ste adderas. Vi hoppas att v\u00e5ra m\u00f6bler har en k\u00e4nsla av l\u00e4tthet och en karakt\u00e4r, som definieras av rent hantverk i produktion och materialval. Men ocks\u00e5 detaljer i design och funktion, som avsl\u00f6jar sig f\u00f6r dig med tiden; kluriga l\u00f6sningar som upph\u00f6jer enkelheten till n\u00e5got sublimt. Inget kr\u00e5ngel, inget extra. Men heller inte bara funktion.<\/p>\n","protected":false},"excerpt":{"rendered":"<p>En passion f\u00f6r inspirerande utemilj\u00f6er Skargaarden grundades 2008 i en svensk kustn\u00e4ra milj\u00f6, med en passion f\u00f6r designm\u00f6bler och en stark drivkraft att skapa intressanta och inspirerande utemilj\u00f6er. Det dramatiska landskapet och de tuffa klimatf\u00f6rh\u00e5llandena blev inspirationen f\u00f6r att producera utem\u00f6bler av h\u00f6gsta kvalitet. H\u00e4r, d\u00e4r m\u00f6rka vinterdagar och korta somrar har pr\u00e4glat livet i [&hellip;]<\/p>\n","protected":false},"author":1,"featured_media":12314,"parent":0,"menu_order":0,"comment_status":"closed","ping_status":"closed","template":"","meta":{"_acf_changed":false,"footnotes":""},"acf":[],"yoast_head":"<!-- This site is optimized with the Yoast SEO plugin v22.2 - https:\/\/yoast.com\/wordpress\/plugins\/seo\/ -->\n<title>Om oss - SKARGAARDEN<\/title>\n<meta name=\"robots\" content=\"index, follow, max-snippet:-1, max-image-preview:large, max-video-preview:-1\" \/>\n<link rel=\"canonical\" href=\"https:\/\/www.skargaarden.com\/sv\/om-oss\/\" \/>\n<meta property=\"og:locale\" content=\"sv_SE\" \/>\n<meta property=\"og:type\" content=\"article\" \/>\n<meta property=\"og:title\" content=\"Om oss - SKARGAARDEN\" \/>\n<meta property=\"og:description\" content=\"En passion f\u00f6r inspirerande utemilj\u00f6er Skargaarden grundades 2008 i en svensk kustn\u00e4ra milj\u00f6, med en passion f\u00f6r designm\u00f6bler och en stark drivkraft att skapa intressanta och inspirerande utemilj\u00f6er. Det dramatiska landskapet och de tuffa klimatf\u00f6rh\u00e5llandena blev inspirationen f\u00f6r att producera utem\u00f6bler av h\u00f6gsta kvalitet. H\u00e4r, d\u00e4r m\u00f6rka vinterdagar och korta somrar har pr\u00e4glat livet i [&hellip;]\" \/>\n<meta property=\"og:url\" content=\"https:\/\/www.skargaarden.com\/sv\/om-oss\/\" \/>\n<meta property=\"og:site_name\" content=\"SKARGAARDEN\" \/>\n<meta property=\"article:publisher\" content=\"https:\/\/www.facebook.com\/skargaarden\" \/>\n<meta property=\"article:modified_time\" content=\"2025-03-14T13:35:57+00:00\" \/>\n<meta property=\"og:image\" content=\"https:\/\/www.skargaarden.com\/wp-content\/uploads\/2020\/09\/DSC9533-2-1500x0-c-default.jpg\" \/>\n\t<meta property=\"og:image:width\" content=\"1500\" \/>\n\t<meta property=\"og:image:height\" content=\"983\" \/>\n\t<meta property=\"og:image:type\" content=\"image\/jpeg\" \/>\n<meta name=\"twitter:card\" content=\"summary_large_image\" \/>\n<meta name=\"twitter:label1\" content=\"Ber\u00e4knad l\u00e4stid\" \/>\n\t<meta name=\"twitter:data1\" content=\"2 minuter\" \/>\n<script type=\"application\/ld+json\" class=\"yoast-schema-graph\">{\"@context\":\"https:\/\/schema.org\",\"@graph\":[{\"@type\":\"WebPage\",\"@id\":\"https:\/\/www.skargaarden.com\/sv\/om-oss\/\",\"url\":\"https:\/\/www.skargaarden.com\/sv\/om-oss\/\",\"name\":\"Om oss - SKARGAARDEN\",\"isPartOf\":{\"@id\":\"https:\/\/www.skargaarden.com\/sv\/#website\"},\"primaryImageOfPage\":{\"@id\":\"https:\/\/www.skargaarden.com\/sv\/om-oss\/#primaryimage\"},\"image\":{\"@id\":\"https:\/\/www.skargaarden.com\/sv\/om-oss\/#primaryimage\"},\"thumbnailUrl\":\"https:\/\/www.skargaarden.com\/wp-content\/uploads\/2020\/09\/DSC9533-2-1500x0-c-default.jpg\",\"datePublished\":\"2020-09-08T11:32:16+00:00\",\"dateModified\":\"2025-03-14T13:35:57+00:00\",\"breadcrumb\":{\"@id\":\"https:\/\/www.skargaarden.com\/sv\/om-oss\/#breadcrumb\"},\"inLanguage\":\"sv-SE\",\"potentialAction\":[{\"@type\":\"ReadAction\",\"target\":[\"https:\/\/www.skargaarden.com\/sv\/om-oss\/\"]}]},{\"@type\":\"ImageObject\",\"inLanguage\":\"sv-SE\",\"@id\":\"https:\/\/www.skargaarden.com\/sv\/om-oss\/#primaryimage\",\"url\":\"https:\/\/www.skargaarden.com\/wp-content\/uploads\/2020\/09\/DSC9533-2-1500x0-c-default.jpg\",\"contentUrl\":\"https:\/\/www.skargaarden.com\/wp-content\/uploads\/2020\/09\/DSC9533-2-1500x0-c-default.jpg\",\"width\":1500,\"height\":983},{\"@type\":\"BreadcrumbList\",\"@id\":\"https:\/\/www.skargaarden.com\/sv\/om-oss\/#breadcrumb\",\"itemListElement\":[{\"@type\":\"ListItem\",\"position\":1,\"name\":\"Home\",\"item\":\"https:\/\/www.skargaarden.com\/sv\/\"},{\"@type\":\"ListItem\",\"position\":2,\"name\":\"Om oss\"}]},{\"@type\":\"WebSite\",\"@id\":\"https:\/\/www.skargaarden.com\/sv\/#website\",\"url\":\"https:\/\/www.skargaarden.com\/sv\/\",\"name\":\"SKARGAARDEN\",\"description\":\"Scandinavian Outdoor Design\",\"publisher\":{\"@id\":\"https:\/\/www.skargaarden.com\/sv\/#organization\"},\"potentialAction\":[{\"@type\":\"SearchAction\",\"target\":{\"@type\":\"EntryPoint\",\"urlTemplate\":\"https:\/\/www.skargaarden.com\/sv\/?s={search_term_string}\"},\"query-input\":\"required name=search_term_string\"}],\"inLanguage\":\"sv-SE\"},{\"@type\":\"Organization\",\"@id\":\"https:\/\/www.skargaarden.com\/sv\/#organization\",\"name\":\"SKARGAARDEN\",\"url\":\"https:\/\/www.skargaarden.com\/sv\/\",\"logo\":{\"@type\":\"ImageObject\",\"inLanguage\":\"sv-SE\",\"@id\":\"https:\/\/www.skargaarden.com\/sv\/#\/schema\/logo\/image\/\",\"url\":\"https:\/\/www.skargaarden.com\/wp-content\/uploads\/2024\/03\/skargaardenlogo-1.png\",\"contentUrl\":\"https:\/\/www.skargaarden.com\/wp-content\/uploads\/2024\/03\/skargaardenlogo-1.png\",\"width\":999,\"height\":141,\"caption\":\"SKARGAARDEN\"},\"image\":{\"@id\":\"https:\/\/www.skargaarden.com\/sv\/#\/schema\/logo\/image\/\"},\"sameAs\":[\"https:\/\/www.facebook.com\/skargaarden\",\"https:\/\/www.instagram.com\/skargaarden\/\",\"https:\/\/www.pinterest.se\/skargaarden\/\"]}]}<\/script>\n<!-- \/ Yoast SEO plugin. -->","yoast_head_json":{"title":"Om oss - SKARGAARDEN","robots":{"index":"index","follow":"follow","max-snippet":"max-snippet:-1","max-image-preview":"max-image-preview:large","max-video-preview":"max-video-preview:-1"},"canonical":"https:\/\/www.skargaarden.com\/sv\/om-oss\/","og_locale":"sv_SE","og_type":"article","og_title":"Om oss - SKARGAARDEN","og_description":"En passion f\u00f6r inspirerande utemilj\u00f6er Skargaarden grundades 2008 i en svensk kustn\u00e4ra milj\u00f6, med en passion f\u00f6r designm\u00f6bler och en stark drivkraft att skapa intressanta och inspirerande utemilj\u00f6er. Det dramatiska landskapet och de tuffa klimatf\u00f6rh\u00e5llandena blev inspirationen f\u00f6r att producera utem\u00f6bler av h\u00f6gsta kvalitet. H\u00e4r, d\u00e4r m\u00f6rka vinterdagar och korta somrar har pr\u00e4glat livet i [&hellip;]","og_url":"https:\/\/www.skargaarden.com\/sv\/om-oss\/","og_site_name":"SKARGAARDEN","article_publisher":"https:\/\/www.facebook.com\/skargaarden","article_modified_time":"2025-03-14T13:35:57+00:00","og_image":[{"width":1500,"height":983,"url":"https:\/\/www.skargaarden.com\/wp-content\/uploads\/2020\/09\/DSC9533-2-1500x0-c-default.jpg","type":"image\/jpeg"}],"twitter_card":"summary_large_image","twitter_misc":{"Ber\u00e4knad l\u00e4stid":"2 minuter"},"schema":{"@context":"https:\/\/schema.org","@graph":[{"@type":"WebPage","@id":"https:\/\/www.skargaarden.com\/sv\/om-oss\/","url":"https:\/\/www.skargaarden.com\/sv\/om-oss\/","name":"Om oss - SKARGAARDEN","isPartOf":{"@id":"https:\/\/www.skargaarden.com\/sv\/#website"},"primaryImageOfPage":{"@id":"https:\/\/www.skargaarden.com\/sv\/om-oss\/#primaryimage"},"image":{"@id":"https:\/\/www.skargaarden.com\/sv\/om-oss\/#primaryimage"},"thumbnailUrl":"https:\/\/www.skargaarden.com\/wp-content\/uploads\/2020\/09\/DSC9533-2-1500x0-c-default.jpg","datePublished":"2020-09-08T11:32:16+00:00","dateModified":"2025-03-14T13:35:57+00:00","breadcrumb":{"@id":"https:\/\/www.skargaarden.com\/sv\/om-oss\/#breadcrumb"},"inLanguage":"sv-SE","potentialAction":[{"@type":"ReadAction","target":["https:\/\/www.skargaarden.com\/sv\/om-oss\/"]}]},{"@type":"ImageObject","inLanguage":"sv-SE","@id":"https:\/\/www.skargaarden.com\/sv\/om-oss\/#primaryimage","url":"https:\/\/www.skargaarden.com\/wp-content\/uploads\/2020\/09\/DSC9533-2-1500x0-c-default.jpg","contentUrl":"https:\/\/www.skargaarden.com\/wp-content\/uploads\/2020\/09\/DSC9533-2-1500x0-c-default.jpg","width":1500,"height":983},{"@type":"BreadcrumbList","@id":"https:\/\/www.skargaarden.com\/sv\/om-oss\/#breadcrumb","itemListElement":[{"@type":"ListItem","position":1,"name":"Home","item":"https:\/\/www.skargaarden.com\/sv\/"},{"@type":"ListItem","position":2,"name":"Om oss"}]},{"@type":"WebSite","@id":"https:\/\/www.skargaarden.com\/sv\/#website","url":"https:\/\/www.skargaarden.com\/sv\/","name":"SKARGAARDEN","description":"Scandinavian Outdoor Design","publisher":{"@id":"https:\/\/www.skargaarden.com\/sv\/#organization"},"potentialAction":[{"@type":"SearchAction","target":{"@type":"EntryPoint","urlTemplate":"https:\/\/www.skargaarden.com\/sv\/?s={search_term_string}"},"query-input":"required name=search_term_string"}],"inLanguage":"sv-SE"},{"@type":"Organization","@id":"https:\/\/www.skargaarden.com\/sv\/#organization","name":"SKARGAARDEN","url":"https:\/\/www.skargaarden.com\/sv\/","logo":{"@type":"ImageObject","inLanguage":"sv-SE","@id":"https:\/\/www.skargaarden.com\/sv\/#\/schema\/logo\/image\/","url":"https:\/\/www.skargaarden.com\/wp-content\/uploads\/2024\/03\/skargaardenlogo-1.png","contentUrl":"https:\/\/www.skargaarden.com\/wp-content\/uploads\/2024\/03\/skargaardenlogo-1.png","width":999,"height":141,"caption":"SKARGAARDEN"},"image":{"@id":"https:\/\/www.skargaarden.com\/sv\/#\/schema\/logo\/image\/"},"sameAs":["https:\/\/www.facebook.com\/skargaarden","https:\/\/www.instagram.com\/skargaarden\/","https:\/\/www.pinterest.se\/skargaarden\/"]}]}},"_links":{"self":[{"href":"https:\/\/www.skargaarden.com\/sv\/wp-json\/wp\/v2\/pages\/15105"}],"collection":[{"href":"https:\/\/www.skargaarden.com\/sv\/wp-json\/wp\/v2\/pages"}],"about":[{"href":"https:\/\/www.skargaarden.com\/sv\/wp-json\/wp\/v2\/types\/page"}],"author":[{"embeddable":true,"href":"https:\/\/www.skargaarden.com\/sv\/wp-json\/wp\/v2\/users\/1"}],"replies":[{"embeddable":true,"href":"https:\/\/www.skargaarden.com\/sv\/wp-json\/wp\/v2\/comments?post=15105"}],"version-history":[{"count":8,"href":"https:\/\/www.skargaarden.com\/sv\/wp-json\/wp\/v2\/pages\/15105\/revisions"}],"predecessor-version":[{"id":20869,"href":"https:\/\/www.skargaarden.com\/sv\/wp-json\/wp\/v2\/pages\/15105\/revisions\/20869"}],"wp:featuredmedia":[{"embeddable":true,"href":"https:\/\/www.skargaarden.com\/sv\/wp-json\/wp\/v2\/media\/12314"}],"wp:attachment":[{"href":"https:\/\/www.skargaarden.com\/sv\/wp-json\/wp\/v2\/media?parent=15105"}],"curies":[{"name":"wp","href":"https:\/\/api.w.org\/{rel}","templated":true}]}}