{"id":15103,"date":"2022-02-11T09:58:46","date_gmt":"2022-02-11T08:58:46","guid":{"rendered":"https:\/\/www.skargaarden.com\/inspirations\/viken-varen-2020\/"},"modified":"2022-05-10T09:08:31","modified_gmt":"2022-05-10T07:08:31","slug":"viken-varen-2020","status":"publish","type":"inspirations","link":"https:\/\/www.skargaarden.com\/sv\/inspirations\/viken-varen-2020\/","title":{"rendered":"Viken v\u00e5ren 2020"},"content":{"rendered":"<p><strong>Som den s\u00e5g ut p\u00e5 MoMa 1985. De som vet, vet.<\/strong><\/p>\n<p>F\u00f6rutom designintresserade v\u00e4rlden \u00f6ver, vet inte s\u00e5 m\u00e5nga att Skargaardens <a href=\"https:\/\/www.skargaarden.com\/sv\/products\/stolar\/viken-chair-2\/\">Viken-sto<\/a>l, av <a href=\"https:\/\/www.skargaarden.com\/sv\/designers\/gunilla-norin\/\">Gunilla Norin<\/a>, \u00e4r <em>den<\/em> vikbara teakstolen. Viken \u00e4r ocks\u00e5 namnet p\u00e5 en liten by vid v\u00e4stkusten.<\/p>\n<p>Om det \u00e4r sant att imitation \u00e4r den uppriktigaste formen av ber\u00f6m, \u00e4r det osannolikt att n\u00e5gon stol har f\u00e5tt s\u00e5 mycket ber\u00f6m som Viken. N\u00e4r Gunilla Norin ritade den 1983 ville hon ha en praktisk och bekv\u00e4m stol till sin balkong. S\u00e5 hon tillverkade en. Viken \u00e4r sj\u00e4lva essensen av en id\u00e9 som i efterhand \u00e4r s\u00e5 sj\u00e4lvklar att den verkar s\u00e5 enkel: \u00f6verlappa lamellerna s\u00e5 att sitsen kan f\u00e4llas ihop. Men strukturen \u00e4r ovanlig, eftersom den \u00e4r tillverkad helt i tr\u00e4. Det finns inga skruvar, ramar eller metallst\u00e4nger.<\/p>\n<p>Det finns inga skruvar, ramar eller metallst\u00e4nger. Det du ser \u00e4r vad du f\u00e5r. Och det du ser \u00e4r teak. Under de senaste n\u00e4stan fyrtio \u00e5ren har imitationerna, kopiorna och efterapningarna kommit i stor skala. Vissa tror att det \u00e4r den mest kopierade av alla stolar. Och det kan mycket v\u00e4l st\u00e4mma. N\u00e4r du k\u00f6per Viken k\u00f6per du originalet. Och det \u00e4r ett extremt bekv\u00e4mt original att sitta i. Lika bra att Gunilla inte bara k\u00f6pte en stol den \u00f6desdigra dagen.<\/p>\n<p>Stolta Viken \u00e4gare har fortfarande kvar stolar fr\u00e5n 1980-talet-vilket bevisar att det l\u00f6nar sig att inversta i orginal design. Tack f\u00f6r att du tagit dig tid att l\u00e4sa s\u00e5 h\u00e4r l\u00e5ngt, vi \u00f6nskar dig en fortsatt fin dag. Oavsett om du spenderar den i en Viken-stol eller inte.<\/p>\n","protected":false},"featured_media":12880,"template":"","acf":[],"yoast_head":"<!-- This site is optimized with the Yoast SEO plugin v22.2 - https:\/\/yoast.com\/wordpress\/plugins\/seo\/ -->\n<title>Viken v\u00e5ren 2020 - SKARGAARDEN<\/title>\n<meta name=\"robots\" content=\"index, follow, max-snippet:-1, max-image-preview:large, max-video-preview:-1\" \/>\n<link rel=\"canonical\" href=\"https:\/\/www.skargaarden.com\/sv\/inspirations\/viken-varen-2020\/\" \/>\n<meta property=\"og:locale\" content=\"sv_SE\" \/>\n<meta property=\"og:type\" content=\"article\" \/>\n<meta property=\"og:title\" content=\"Viken v\u00e5ren 2020 - SKARGAARDEN\" \/>\n<meta property=\"og:description\" content=\"Som den s\u00e5g ut p\u00e5 MoMa 1985. De som vet, vet. F\u00f6rutom designintresserade v\u00e4rlden \u00f6ver, vet inte s\u00e5 m\u00e5nga att Skargaardens Viken-stol, av Gunilla Norin, \u00e4r den vikbara teakstolen. Viken \u00e4r ocks\u00e5 namnet p\u00e5 en liten by vid v\u00e4stkusten. Om det \u00e4r sant att imitation \u00e4r den uppriktigaste formen av ber\u00f6m, \u00e4r det osannolikt att [&hellip;]\" \/>\n<meta property=\"og:url\" content=\"https:\/\/www.skargaarden.com\/sv\/inspirations\/viken-varen-2020\/\" \/>\n<meta property=\"og:site_name\" content=\"SKARGAARDEN\" \/>\n<meta property=\"article:publisher\" content=\"https:\/\/www.facebook.com\/skargaarden\" \/>\n<meta property=\"article:modified_time\" content=\"2022-05-10T07:08:31+00:00\" \/>\n<meta property=\"og:image\" content=\"https:\/\/www.skargaarden.com\/wp-content\/uploads\/2020\/10\/VIKEN_CHAIR_2-942x1200.jpg\" \/>\n\t<meta property=\"og:image:width\" content=\"942\" \/>\n\t<meta property=\"og:image:height\" content=\"1200\" \/>\n\t<meta property=\"og:image:type\" content=\"image\/jpeg\" \/>\n<meta name=\"twitter:card\" content=\"summary_large_image\" \/>\n<meta name=\"twitter:label1\" content=\"Ber\u00e4knad l\u00e4stid\" \/>\n\t<meta name=\"twitter:data1\" content=\"1 minut\" \/>\n<script type=\"application\/ld+json\" class=\"yoast-schema-graph\">{\"@context\":\"https:\/\/schema.org\",\"@graph\":[{\"@type\":\"WebPage\",\"@id\":\"https:\/\/www.skargaarden.com\/sv\/inspirations\/viken-varen-2020\/\",\"url\":\"https:\/\/www.skargaarden.com\/sv\/inspirations\/viken-varen-2020\/\",\"name\":\"Viken v\u00e5ren 2020 - SKARGAARDEN\",\"isPartOf\":{\"@id\":\"https:\/\/www.skargaarden.com\/sv\/#website\"},\"primaryImageOfPage\":{\"@id\":\"https:\/\/www.skargaarden.com\/sv\/inspirations\/viken-varen-2020\/#primaryimage\"},\"image\":{\"@id\":\"https:\/\/www.skargaarden.com\/sv\/inspirations\/viken-varen-2020\/#primaryimage\"},\"thumbnailUrl\":\"https:\/\/www.skargaarden.com\/wp-content\/uploads\/2020\/10\/VIKEN_CHAIR_2.jpg\",\"datePublished\":\"2022-02-11T08:58:46+00:00\",\"dateModified\":\"2022-05-10T07:08:31+00:00\",\"breadcrumb\":{\"@id\":\"https:\/\/www.skargaarden.com\/sv\/inspirations\/viken-varen-2020\/#breadcrumb\"},\"inLanguage\":\"sv-SE\",\"potentialAction\":[{\"@type\":\"ReadAction\",\"target\":[\"https:\/\/www.skargaarden.com\/sv\/inspirations\/viken-varen-2020\/\"]}]},{\"@type\":\"ImageObject\",\"inLanguage\":\"sv-SE\",\"@id\":\"https:\/\/www.skargaarden.com\/sv\/inspirations\/viken-varen-2020\/#primaryimage\",\"url\":\"https:\/\/www.skargaarden.com\/wp-content\/uploads\/2020\/10\/VIKEN_CHAIR_2.jpg\",\"contentUrl\":\"https:\/\/www.skargaarden.com\/wp-content\/uploads\/2020\/10\/VIKEN_CHAIR_2.jpg\",\"width\":2000,\"height\":2547},{\"@type\":\"BreadcrumbList\",\"@id\":\"https:\/\/www.skargaarden.com\/sv\/inspirations\/viken-varen-2020\/#breadcrumb\",\"itemListElement\":[{\"@type\":\"ListItem\",\"position\":1,\"name\":\"Home\",\"item\":\"https:\/\/www.skargaarden.com\/sv\/\"},{\"@type\":\"ListItem\",\"position\":2,\"name\":\"Viken v\u00e5ren 2020\"}]},{\"@type\":\"WebSite\",\"@id\":\"https:\/\/www.skargaarden.com\/sv\/#website\",\"url\":\"https:\/\/www.skargaarden.com\/sv\/\",\"name\":\"SKARGAARDEN\",\"description\":\"Scandinavian Outdoor Design\",\"publisher\":{\"@id\":\"https:\/\/www.skargaarden.com\/sv\/#organization\"},\"potentialAction\":[{\"@type\":\"SearchAction\",\"target\":{\"@type\":\"EntryPoint\",\"urlTemplate\":\"https:\/\/www.skargaarden.com\/sv\/?s={search_term_string}\"},\"query-input\":\"required name=search_term_string\"}],\"inLanguage\":\"sv-SE\"},{\"@type\":\"Organization\",\"@id\":\"https:\/\/www.skargaarden.com\/sv\/#organization\",\"name\":\"SKARGAARDEN\",\"url\":\"https:\/\/www.skargaarden.com\/sv\/\",\"logo\":{\"@type\":\"ImageObject\",\"inLanguage\":\"sv-SE\",\"@id\":\"https:\/\/www.skargaarden.com\/sv\/#\/schema\/logo\/image\/\",\"url\":\"https:\/\/www.skargaarden.com\/wp-content\/uploads\/2024\/03\/skargaardenlogo-1.png\",\"contentUrl\":\"https:\/\/www.skargaarden.com\/wp-content\/uploads\/2024\/03\/skargaardenlogo-1.png\",\"width\":999,\"height\":141,\"caption\":\"SKARGAARDEN\"},\"image\":{\"@id\":\"https:\/\/www.skargaarden.com\/sv\/#\/schema\/logo\/image\/\"},\"sameAs\":[\"https:\/\/www.facebook.com\/skargaarden\",\"https:\/\/www.instagram.com\/skargaarden\/\",\"https:\/\/www.pinterest.se\/skargaarden\/\"]}]}<\/script>\n<!-- \/ Yoast SEO plugin. -->","yoast_head_json":{"title":"Viken v\u00e5ren 2020 - SKARGAARDEN","robots":{"index":"index","follow":"follow","max-snippet":"max-snippet:-1","max-image-preview":"max-image-preview:large","max-video-preview":"max-video-preview:-1"},"canonical":"https:\/\/www.skargaarden.com\/sv\/inspirations\/viken-varen-2020\/","og_locale":"sv_SE","og_type":"article","og_title":"Viken v\u00e5ren 2020 - SKARGAARDEN","og_description":"Som den s\u00e5g ut p\u00e5 MoMa 1985. De som vet, vet. F\u00f6rutom designintresserade v\u00e4rlden \u00f6ver, vet inte s\u00e5 m\u00e5nga att Skargaardens Viken-stol, av Gunilla Norin, \u00e4r den vikbara teakstolen. Viken \u00e4r ocks\u00e5 namnet p\u00e5 en liten by vid v\u00e4stkusten. Om det \u00e4r sant att imitation \u00e4r den uppriktigaste formen av ber\u00f6m, \u00e4r det osannolikt att [&hellip;]","og_url":"https:\/\/www.skargaarden.com\/sv\/inspirations\/viken-varen-2020\/","og_site_name":"SKARGAARDEN","article_publisher":"https:\/\/www.facebook.com\/skargaarden","article_modified_time":"2022-05-10T07:08:31+00:00","og_image":[{"width":942,"height":1200,"url":"https:\/\/www.skargaarden.com\/wp-content\/uploads\/2020\/10\/VIKEN_CHAIR_2-942x1200.jpg","type":"image\/jpeg"}],"twitter_card":"summary_large_image","twitter_misc":{"Ber\u00e4knad l\u00e4stid":"1 minut"},"schema":{"@context":"https:\/\/schema.org","@graph":[{"@type":"WebPage","@id":"https:\/\/www.skargaarden.com\/sv\/inspirations\/viken-varen-2020\/","url":"https:\/\/www.skargaarden.com\/sv\/inspirations\/viken-varen-2020\/","name":"Viken v\u00e5ren 2020 - SKARGAARDEN","isPartOf":{"@id":"https:\/\/www.skargaarden.com\/sv\/#website"},"primaryImageOfPage":{"@id":"https:\/\/www.skargaarden.com\/sv\/inspirations\/viken-varen-2020\/#primaryimage"},"image":{"@id":"https:\/\/www.skargaarden.com\/sv\/inspirations\/viken-varen-2020\/#primaryimage"},"thumbnailUrl":"https:\/\/www.skargaarden.com\/wp-content\/uploads\/2020\/10\/VIKEN_CHAIR_2.jpg","datePublished":"2022-02-11T08:58:46+00:00","dateModified":"2022-05-10T07:08:31+00:00","breadcrumb":{"@id":"https:\/\/www.skargaarden.com\/sv\/inspirations\/viken-varen-2020\/#breadcrumb"},"inLanguage":"sv-SE","potentialAction":[{"@type":"ReadAction","target":["https:\/\/www.skargaarden.com\/sv\/inspirations\/viken-varen-2020\/"]}]},{"@type":"ImageObject","inLanguage":"sv-SE","@id":"https:\/\/www.skargaarden.com\/sv\/inspirations\/viken-varen-2020\/#primaryimage","url":"https:\/\/www.skargaarden.com\/wp-content\/uploads\/2020\/10\/VIKEN_CHAIR_2.jpg","contentUrl":"https:\/\/www.skargaarden.com\/wp-content\/uploads\/2020\/10\/VIKEN_CHAIR_2.jpg","width":2000,"height":2547},{"@type":"BreadcrumbList","@id":"https:\/\/www.skargaarden.com\/sv\/inspirations\/viken-varen-2020\/#breadcrumb","itemListElement":[{"@type":"ListItem","position":1,"name":"Home","item":"https:\/\/www.skargaarden.com\/sv\/"},{"@type":"ListItem","position":2,"name":"Viken v\u00e5ren 2020"}]},{"@type":"WebSite","@id":"https:\/\/www.skargaarden.com\/sv\/#website","url":"https:\/\/www.skargaarden.com\/sv\/","name":"SKARGAARDEN","description":"Scandinavian Outdoor Design","publisher":{"@id":"https:\/\/www.skargaarden.com\/sv\/#organization"},"potentialAction":[{"@type":"SearchAction","target":{"@type":"EntryPoint","urlTemplate":"https:\/\/www.skargaarden.com\/sv\/?s={search_term_string}"},"query-input":"required name=search_term_string"}],"inLanguage":"sv-SE"},{"@type":"Organization","@id":"https:\/\/www.skargaarden.com\/sv\/#organization","name":"SKARGAARDEN","url":"https:\/\/www.skargaarden.com\/sv\/","logo":{"@type":"ImageObject","inLanguage":"sv-SE","@id":"https:\/\/www.skargaarden.com\/sv\/#\/schema\/logo\/image\/","url":"https:\/\/www.skargaarden.com\/wp-content\/uploads\/2024\/03\/skargaardenlogo-1.png","contentUrl":"https:\/\/www.skargaarden.com\/wp-content\/uploads\/2024\/03\/skargaardenlogo-1.png","width":999,"height":141,"caption":"SKARGAARDEN"},"image":{"@id":"https:\/\/www.skargaarden.com\/sv\/#\/schema\/logo\/image\/"},"sameAs":["https:\/\/www.facebook.com\/skargaarden","https:\/\/www.instagram.com\/skargaarden\/","https:\/\/www.pinterest.se\/skargaarden\/"]}]}},"_links":{"self":[{"href":"https:\/\/www.skargaarden.com\/sv\/wp-json\/wp\/v2\/inspirations\/15103"}],"collection":[{"href":"https:\/\/www.skargaarden.com\/sv\/wp-json\/wp\/v2\/inspirations"}],"about":[{"href":"https:\/\/www.skargaarden.com\/sv\/wp-json\/wp\/v2\/types\/inspirations"}],"wp:featuredmedia":[{"embeddable":true,"href":"https:\/\/www.skargaarden.com\/sv\/wp-json\/wp\/v2\/media\/12880"}],"wp:attachment":[{"href":"https:\/\/www.skargaarden.com\/sv\/wp-json\/wp\/v2\/media?parent=15103"}],"curies":[{"name":"wp","href":"https:\/\/api.w.org\/{rel}","templated":true}]}}