{"id":15100,"date":"2022-02-11T09:53:00","date_gmt":"2022-02-11T08:53:00","guid":{"rendered":"https:\/\/www.skargaarden.com\/inspirations\/har-du-nagonsin-seglat-in-i-oslofjorden\/"},"modified":"2022-05-10T09:05:54","modified_gmt":"2022-05-10T07:05:54","slug":"har-du-nagonsin-seglat-in-i-oslofjorden","status":"publish","type":"inspirations","link":"https:\/\/www.skargaarden.com\/sv\/inspirations\/har-du-nagonsin-seglat-in-i-oslofjorden\/","title":{"rendered":"Har du n\u00e5gonsin seglat in i Oslofjorden?"},"content":{"rendered":"<p>D\u00e5 vet du att du passerar Asker strax innan du kommer till Oslo. I sj\u00e4lva verket b\u00f6r du segla l\u00e4ngs hela Oslofjorden. Den \u00e4r oerh\u00f6rt vacker, p\u00e5 ett tydligt skandinaviskt s\u00e4tt: helt utan att vara extravagant eller extrem. Ungef\u00e4r som <a href=\"https:\/\/www.skargaarden.com\/sv\/collections\/asker-2\/\">Asker loungesoffa<\/a>.<\/p>\n<p>Den har ett kantigt, men ocks\u00e5 avrundat uttryck. Den \u00e4r volumin\u00f6s, visst. Men ocks\u00e5 f\u00f6rv\u00e5nansv\u00e4rt stramt. Inte f\u00f6r mycket av n\u00e5got, vilket kan l\u00e5ta som en kompromiss. Men det \u00e4r allt annat \u00e4n det.<\/p>\n<p>Det finns h\u00f6gre berg, gr\u00f6nare skogar, vitare tr\u00e4hus och mer kuperade klippor \u00e4n du ser fr\u00e5n segelb\u00e5ten p\u00e5 v\u00e4g till Asker. Men precis som i soffan \u00e4r det helheten som r\u00e4knas. Soffan och fjorden har en annan sak gemensamt. De klarar av det skandinaviska v\u00e4dret.<\/p>\n<p>Regnet bekommer dem inte, solen bleker dem inte.<\/p>\n","protected":false},"featured_media":12883,"template":"","acf":[],"yoast_head":"<!-- This site is optimized with the Yoast SEO plugin v22.2 - https:\/\/yoast.com\/wordpress\/plugins\/seo\/ -->\n<title>Har du n\u00e5gonsin seglat in i Oslofjorden? - SKARGAARDEN<\/title>\n<meta name=\"robots\" content=\"index, follow, max-snippet:-1, max-image-preview:large, max-video-preview:-1\" \/>\n<link rel=\"canonical\" href=\"https:\/\/www.skargaarden.com\/sv\/inspirations\/har-du-nagonsin-seglat-in-i-oslofjorden\/\" \/>\n<meta property=\"og:locale\" content=\"sv_SE\" \/>\n<meta property=\"og:type\" content=\"article\" \/>\n<meta property=\"og:title\" content=\"Har du n\u00e5gonsin seglat in i Oslofjorden? - SKARGAARDEN\" \/>\n<meta property=\"og:description\" content=\"D\u00e5 vet du att du passerar Asker strax innan du kommer till Oslo. I sj\u00e4lva verket b\u00f6r du segla l\u00e4ngs hela Oslofjorden. Den \u00e4r oerh\u00f6rt vacker, p\u00e5 ett tydligt skandinaviskt s\u00e4tt: helt utan att vara extravagant eller extrem. Ungef\u00e4r som Asker loungesoffa. Den har ett kantigt, men ocks\u00e5 avrundat uttryck. Den \u00e4r volumin\u00f6s, visst. Men [&hellip;]\" \/>\n<meta property=\"og:url\" content=\"https:\/\/www.skargaarden.com\/sv\/inspirations\/har-du-nagonsin-seglat-in-i-oslofjorden\/\" \/>\n<meta property=\"og:site_name\" content=\"SKARGAARDEN\" \/>\n<meta property=\"article:publisher\" content=\"https:\/\/www.facebook.com\/skargaarden\" \/>\n<meta property=\"article:modified_time\" content=\"2022-05-10T07:05:54+00:00\" \/>\n<meta property=\"og:image\" content=\"https:\/\/www.skargaarden.com\/wp-content\/uploads\/2021\/02\/ASKER_SOFA_1.jpg\" \/>\n\t<meta property=\"og:image:width\" content=\"2000\" \/>\n\t<meta property=\"og:image:height\" content=\"1604\" \/>\n\t<meta property=\"og:image:type\" content=\"image\/jpeg\" \/>\n<meta name=\"twitter:card\" content=\"summary_large_image\" \/>\n<meta name=\"twitter:label1\" content=\"Ber\u00e4knad l\u00e4stid\" \/>\n\t<meta name=\"twitter:data1\" content=\"1 minut\" \/>\n<script type=\"application\/ld+json\" class=\"yoast-schema-graph\">{\"@context\":\"https:\/\/schema.org\",\"@graph\":[{\"@type\":\"WebPage\",\"@id\":\"https:\/\/www.skargaarden.com\/sv\/inspirations\/har-du-nagonsin-seglat-in-i-oslofjorden\/\",\"url\":\"https:\/\/www.skargaarden.com\/sv\/inspirations\/har-du-nagonsin-seglat-in-i-oslofjorden\/\",\"name\":\"Har du n\u00e5gonsin seglat in i Oslofjorden? - SKARGAARDEN\",\"isPartOf\":{\"@id\":\"https:\/\/www.skargaarden.com\/sv\/#website\"},\"primaryImageOfPage\":{\"@id\":\"https:\/\/www.skargaarden.com\/sv\/inspirations\/har-du-nagonsin-seglat-in-i-oslofjorden\/#primaryimage\"},\"image\":{\"@id\":\"https:\/\/www.skargaarden.com\/sv\/inspirations\/har-du-nagonsin-seglat-in-i-oslofjorden\/#primaryimage\"},\"thumbnailUrl\":\"https:\/\/www.skargaarden.com\/wp-content\/uploads\/2021\/02\/ASKER_SOFA_1.jpg\",\"datePublished\":\"2022-02-11T08:53:00+00:00\",\"dateModified\":\"2022-05-10T07:05:54+00:00\",\"breadcrumb\":{\"@id\":\"https:\/\/www.skargaarden.com\/sv\/inspirations\/har-du-nagonsin-seglat-in-i-oslofjorden\/#breadcrumb\"},\"inLanguage\":\"sv-SE\",\"potentialAction\":[{\"@type\":\"ReadAction\",\"target\":[\"https:\/\/www.skargaarden.com\/sv\/inspirations\/har-du-nagonsin-seglat-in-i-oslofjorden\/\"]}]},{\"@type\":\"ImageObject\",\"inLanguage\":\"sv-SE\",\"@id\":\"https:\/\/www.skargaarden.com\/sv\/inspirations\/har-du-nagonsin-seglat-in-i-oslofjorden\/#primaryimage\",\"url\":\"https:\/\/www.skargaarden.com\/wp-content\/uploads\/2021\/02\/ASKER_SOFA_1.jpg\",\"contentUrl\":\"https:\/\/www.skargaarden.com\/wp-content\/uploads\/2021\/02\/ASKER_SOFA_1.jpg\",\"width\":2000,\"height\":1604},{\"@type\":\"BreadcrumbList\",\"@id\":\"https:\/\/www.skargaarden.com\/sv\/inspirations\/har-du-nagonsin-seglat-in-i-oslofjorden\/#breadcrumb\",\"itemListElement\":[{\"@type\":\"ListItem\",\"position\":1,\"name\":\"Home\",\"item\":\"https:\/\/www.skargaarden.com\/sv\/\"},{\"@type\":\"ListItem\",\"position\":2,\"name\":\"Har du n\u00e5gonsin seglat in i Oslofjorden?\"}]},{\"@type\":\"WebSite\",\"@id\":\"https:\/\/www.skargaarden.com\/sv\/#website\",\"url\":\"https:\/\/www.skargaarden.com\/sv\/\",\"name\":\"SKARGAARDEN\",\"description\":\"Scandinavian Outdoor Design\",\"publisher\":{\"@id\":\"https:\/\/www.skargaarden.com\/sv\/#organization\"},\"potentialAction\":[{\"@type\":\"SearchAction\",\"target\":{\"@type\":\"EntryPoint\",\"urlTemplate\":\"https:\/\/www.skargaarden.com\/sv\/?s={search_term_string}\"},\"query-input\":\"required name=search_term_string\"}],\"inLanguage\":\"sv-SE\"},{\"@type\":\"Organization\",\"@id\":\"https:\/\/www.skargaarden.com\/sv\/#organization\",\"name\":\"SKARGAARDEN\",\"url\":\"https:\/\/www.skargaarden.com\/sv\/\",\"logo\":{\"@type\":\"ImageObject\",\"inLanguage\":\"sv-SE\",\"@id\":\"https:\/\/www.skargaarden.com\/sv\/#\/schema\/logo\/image\/\",\"url\":\"https:\/\/www.skargaarden.com\/wp-content\/uploads\/2024\/03\/skargaardenlogo-1.png\",\"contentUrl\":\"https:\/\/www.skargaarden.com\/wp-content\/uploads\/2024\/03\/skargaardenlogo-1.png\",\"width\":999,\"height\":141,\"caption\":\"SKARGAARDEN\"},\"image\":{\"@id\":\"https:\/\/www.skargaarden.com\/sv\/#\/schema\/logo\/image\/\"},\"sameAs\":[\"https:\/\/www.facebook.com\/skargaarden\",\"https:\/\/www.instagram.com\/skargaarden\/\",\"https:\/\/www.pinterest.se\/skargaarden\/\"]}]}<\/script>\n<!-- \/ Yoast SEO plugin. -->","yoast_head_json":{"title":"Har du n\u00e5gonsin seglat in i Oslofjorden? - SKARGAARDEN","robots":{"index":"index","follow":"follow","max-snippet":"max-snippet:-1","max-image-preview":"max-image-preview:large","max-video-preview":"max-video-preview:-1"},"canonical":"https:\/\/www.skargaarden.com\/sv\/inspirations\/har-du-nagonsin-seglat-in-i-oslofjorden\/","og_locale":"sv_SE","og_type":"article","og_title":"Har du n\u00e5gonsin seglat in i Oslofjorden? - SKARGAARDEN","og_description":"D\u00e5 vet du att du passerar Asker strax innan du kommer till Oslo. I sj\u00e4lva verket b\u00f6r du segla l\u00e4ngs hela Oslofjorden. Den \u00e4r oerh\u00f6rt vacker, p\u00e5 ett tydligt skandinaviskt s\u00e4tt: helt utan att vara extravagant eller extrem. Ungef\u00e4r som Asker loungesoffa. Den har ett kantigt, men ocks\u00e5 avrundat uttryck. Den \u00e4r volumin\u00f6s, visst. Men [&hellip;]","og_url":"https:\/\/www.skargaarden.com\/sv\/inspirations\/har-du-nagonsin-seglat-in-i-oslofjorden\/","og_site_name":"SKARGAARDEN","article_publisher":"https:\/\/www.facebook.com\/skargaarden","article_modified_time":"2022-05-10T07:05:54+00:00","og_image":[{"width":2000,"height":1604,"url":"https:\/\/www.skargaarden.com\/wp-content\/uploads\/2021\/02\/ASKER_SOFA_1.jpg","type":"image\/jpeg"}],"twitter_card":"summary_large_image","twitter_misc":{"Ber\u00e4knad l\u00e4stid":"1 minut"},"schema":{"@context":"https:\/\/schema.org","@graph":[{"@type":"WebPage","@id":"https:\/\/www.skargaarden.com\/sv\/inspirations\/har-du-nagonsin-seglat-in-i-oslofjorden\/","url":"https:\/\/www.skargaarden.com\/sv\/inspirations\/har-du-nagonsin-seglat-in-i-oslofjorden\/","name":"Har du n\u00e5gonsin seglat in i Oslofjorden? - SKARGAARDEN","isPartOf":{"@id":"https:\/\/www.skargaarden.com\/sv\/#website"},"primaryImageOfPage":{"@id":"https:\/\/www.skargaarden.com\/sv\/inspirations\/har-du-nagonsin-seglat-in-i-oslofjorden\/#primaryimage"},"image":{"@id":"https:\/\/www.skargaarden.com\/sv\/inspirations\/har-du-nagonsin-seglat-in-i-oslofjorden\/#primaryimage"},"thumbnailUrl":"https:\/\/www.skargaarden.com\/wp-content\/uploads\/2021\/02\/ASKER_SOFA_1.jpg","datePublished":"2022-02-11T08:53:00+00:00","dateModified":"2022-05-10T07:05:54+00:00","breadcrumb":{"@id":"https:\/\/www.skargaarden.com\/sv\/inspirations\/har-du-nagonsin-seglat-in-i-oslofjorden\/#breadcrumb"},"inLanguage":"sv-SE","potentialAction":[{"@type":"ReadAction","target":["https:\/\/www.skargaarden.com\/sv\/inspirations\/har-du-nagonsin-seglat-in-i-oslofjorden\/"]}]},{"@type":"ImageObject","inLanguage":"sv-SE","@id":"https:\/\/www.skargaarden.com\/sv\/inspirations\/har-du-nagonsin-seglat-in-i-oslofjorden\/#primaryimage","url":"https:\/\/www.skargaarden.com\/wp-content\/uploads\/2021\/02\/ASKER_SOFA_1.jpg","contentUrl":"https:\/\/www.skargaarden.com\/wp-content\/uploads\/2021\/02\/ASKER_SOFA_1.jpg","width":2000,"height":1604},{"@type":"BreadcrumbList","@id":"https:\/\/www.skargaarden.com\/sv\/inspirations\/har-du-nagonsin-seglat-in-i-oslofjorden\/#breadcrumb","itemListElement":[{"@type":"ListItem","position":1,"name":"Home","item":"https:\/\/www.skargaarden.com\/sv\/"},{"@type":"ListItem","position":2,"name":"Har du n\u00e5gonsin seglat in i Oslofjorden?"}]},{"@type":"WebSite","@id":"https:\/\/www.skargaarden.com\/sv\/#website","url":"https:\/\/www.skargaarden.com\/sv\/","name":"SKARGAARDEN","description":"Scandinavian Outdoor Design","publisher":{"@id":"https:\/\/www.skargaarden.com\/sv\/#organization"},"potentialAction":[{"@type":"SearchAction","target":{"@type":"EntryPoint","urlTemplate":"https:\/\/www.skargaarden.com\/sv\/?s={search_term_string}"},"query-input":"required name=search_term_string"}],"inLanguage":"sv-SE"},{"@type":"Organization","@id":"https:\/\/www.skargaarden.com\/sv\/#organization","name":"SKARGAARDEN","url":"https:\/\/www.skargaarden.com\/sv\/","logo":{"@type":"ImageObject","inLanguage":"sv-SE","@id":"https:\/\/www.skargaarden.com\/sv\/#\/schema\/logo\/image\/","url":"https:\/\/www.skargaarden.com\/wp-content\/uploads\/2024\/03\/skargaardenlogo-1.png","contentUrl":"https:\/\/www.skargaarden.com\/wp-content\/uploads\/2024\/03\/skargaardenlogo-1.png","width":999,"height":141,"caption":"SKARGAARDEN"},"image":{"@id":"https:\/\/www.skargaarden.com\/sv\/#\/schema\/logo\/image\/"},"sameAs":["https:\/\/www.facebook.com\/skargaarden","https:\/\/www.instagram.com\/skargaarden\/","https:\/\/www.pinterest.se\/skargaarden\/"]}]}},"_links":{"self":[{"href":"https:\/\/www.skargaarden.com\/sv\/wp-json\/wp\/v2\/inspirations\/15100"}],"collection":[{"href":"https:\/\/www.skargaarden.com\/sv\/wp-json\/wp\/v2\/inspirations"}],"about":[{"href":"https:\/\/www.skargaarden.com\/sv\/wp-json\/wp\/v2\/types\/inspirations"}],"wp:featuredmedia":[{"embeddable":true,"href":"https:\/\/www.skargaarden.com\/sv\/wp-json\/wp\/v2\/media\/12883"}],"wp:attachment":[{"href":"https:\/\/www.skargaarden.com\/sv\/wp-json\/wp\/v2\/media?parent=15100"}],"curies":[{"name":"wp","href":"https:\/\/api.w.org\/{rel}","templated":true}]}}